

{"id":60,"date":"2024-07-07T16:25:34","date_gmt":"2024-07-07T14:25:34","guid":{"rendered":"https:\/\/osteo-patka.sk\/?page_id=60"},"modified":"2024-11-10T19:17:17","modified_gmt":"2024-11-10T18:17:17","slug":"kraniosakralna-osteopatia","status":"publish","type":"page","link":"https:\/\/osteo-patka.sk\/?page_id=60","title":{"rendered":"Kraniosakr\u00e1lna osteopatia"},"content":{"rendered":"\n<p class=\"has-urbanist-font-family\" style=\"font-size:20px\"><\/p>\n\n\n\n<p class=\"has-urbanist-font-family\" style=\"margin-right:0;margin-left:0;font-size:20px\">zakladate\u013eom je W.G. Sutherland , ktor\u00fd sa v 30. rokoch 20 st. za\u010dal zaobera\u0165 pri poh\u013eade na vypreparovan\u00fa lebku my\u0161lienkou, \u017ee \u0161vy jednotliv\u00fdch kost\u00ed lebky s\u00fa spojen\u00e9 tak, \u017ee nazna\u010duj\u00fa k\u013abnu pohyblivos\u0165 pre &#8220; d\u00fdchac\u00ed &#8220; mechanizmus. Domnieval sa, \u017ee tieto kosti nie s\u00fa zrasten\u00e9, ale \u017ee sa pohybuj\u00fa a \u017ee tento pohyb indikuje dychov\u00fd syst\u00e9m.&nbsp; Vytvoril te\u00f3riu o tom , ako centr\u00e1lny syst\u00e9m medzi craniom ( lebkou ) a sacrom ( kr\u00ed\u017eovou kos\u0165ou ) a jeho pohyb v tekutin\u00e1ch ovplyv\u0148uje \u013eudsk\u00fa bytos\u0165. Rovnako vytvoril te\u00f3riu o sile, ktor\u00e1 pohybuje potenciou- bioenergiou, tekutinami, tkanivami a kos\u0165ami. Tieto pohyby maj\u00fa by\u0165 sp\u00f4soben\u00e9 pohybom z\u00e1kladnej \u017eivotnej sily, ktor\u00fa nazval &#8220; Dych \u017eivota &#8220; a s\u00fa prejavom z\u00e1kladn\u00fdch samolie\u010diacich a samoregula\u010dn\u00fdch s\u00edl v tele. &nbsp; &nbsp;<\/p>\n\n\n\n<p class=\"has-urbanist-font-family\" style=\"font-size:20px\">Na t\u00fato my\u0161lienku nadviazal v rokoch 1975-83 John Upledger a neurofyziol\u00f3g a histol\u00f3g E.W.Retzlaff a zostavili v\u00fdskumn\u00fd t\u00edm a publikovali svoje v\u00fdsledky.<\/p>\n\n\n\n<p class=\"has-luminous-vivid-orange-color has-text-color has-link-color has-urbanist-font-family wp-elements-4eba3a8200f92594ce244a2183b8bae9\" style=\"font-size:25px\"><strong>Viscer\u00e1lne a&nbsp;neur\u00e1lne manipul\u00e1cie&nbsp;<\/strong><\/p>\n\n\n\n<p class=\"has-urbanist-font-family\" style=\"font-size:20px\">Jean-Pierre Barral, D.O. je priekopn\u00edk Viscer\u00e1lnej manipul\u00e1cie zalo\u017eenej na inov\u00e1torskej te\u00f3ri\u00ed, ktor\u00e1 u\u010d\u00ed, \u017ee ka\u017ed\u00fd vn\u00fatorn\u00fd org\u00e1n rotuje okolo svojej fyziologickej osy. V spolupr\u00e1ci s&nbsp;Alainom Croibierom rozv\u00edjaj\u00fa \u010fal\u0161ie techniky Neur\u00e1lnej manipul\u00e1cie a Artikul\u00e1rnej manu\u00e1lnej manipul\u00e1cie v&nbsp;r\u00e1mci st\u00e1le prebiehaj\u00faceho klinick\u00e9ho v\u00fdskumu.<\/p>\n\n\n\n<p class=\"has-urbanist-font-family\" style=\"font-size:20px\">Od roku 1985 je v&nbsp;r\u00e1mci Barralovho in\u0161tit\u00fatu Barral tvorcom a lektorom mnoh\u00fdch vzdel\u00e1vac\u00edch programov, kde neust\u00e1le rozv\u00edja nov\u00e9 mo\u017enosti terapeutick\u00fdch kurzov.<\/p>\n\n\n\n<p class=\"has-luminous-vivid-orange-color has-text-color has-link-color has-urbanist-font-family wp-elements-79540f37111a478b87f3e5d8d69edb16\" style=\"font-size:25px\"><strong>Vicser\u00e1lna manipul\u00e1cia<\/strong><\/p>\n\n\n\n<p class=\"has-black-color has-text-color has-link-color has-urbanist-font-family wp-elements-f0bc557889b354fc8e593f5502864238\" style=\"font-size:20px\">Patr\u00ed medzi osteopatick\u00e9 techniky, ktor\u00e9 pracuj\u00fa s&nbsp;funk\u010dnou aj \u0161truktur\u00e1lnou nerovnov\u00e1hou v&nbsp;tele. Zahr\u0148uje v\u0161etky telesn\u00e9 syst\u00e9my a&nbsp;p\u00f4sob\u00ed na zlep\u0161enie dynamiky pohybu org\u00e1nu.<\/p>\n\n\n\n<p class=\"has-urbanist-font-family\" style=\"font-size:20px\">V\u0161etky tkaniv\u00e1 v&nbsp;tele potrebuj\u00fa k&nbsp;dobrej funkcii primeran\u00fa elasticitu a&nbsp;mo\u017enos\u0165 pohybu.<\/p>\n\n\n\n<p class=\"has-urbanist-font-family\" style=\"font-size:20px\">Pohyb org\u00e1nu sa deje v&nbsp;trojdimenzion\u00e1lnej ose a&nbsp;tento pohyb je pomocou tejto terapie obnovovan\u00fd.&nbsp;<\/p>\n\n\n\n<p class=\"has-urbanist-font-family\" style=\"font-size:20px\">Ke\u010f chce terapeut p\u00f4sobi\u0165 viscer\u00e1lnou terapiou na muskuloskelet\u00e1lny syst\u00e9m, mus\u00ed najsk\u00f4r palpa\u010dne n\u00e1js\u0165 miesto najv\u00e4\u010d\u0161ej tenzie. Do tohoto miesta najv\u00e4\u010d\u0161ieho obmedzenia je s\u0165ahovan\u00e9 okolit\u00e9 tkanivo. Terapeut po kontakte posudzuje mobilitu org\u00e1nu a teda mo\u017enos\u0165 org\u00e1nu pohybova\u0165 sa vo v\u0161etk\u00fdch troch smeroch. Hodnot\u00ed i viscer\u00e1lnu motilitu, \u010do je vlastn\u00e1 pohyblivos\u0165 org\u00e1nu. P\u00f4sob\u00ed miernymi manu\u00e1lnymi silami na org\u00e1n, aby zmiernil jeho obmedzen\u00fa mobilitu a motilitu a napomohol k jeho vyzdraveniu.<\/p>\n\n\n\n<p class=\"has-urbanist-font-family\" style=\"font-size:20px\">Niekedy sa efekt viscer\u00e1lnej terapie dostav\u00ed ihne\u010f, inokedy po nieko\u013ek\u00fdch t\u00fd\u017ed\u0148och. Wetzler&nbsp;uskuto\u010dnil klinick\u00fa \u0161t\u00fadiu, v&nbsp;ktorej sk\u00famal neuroreflex\u00edvny a&nbsp;\u0161truktur\u00e1lny vz\u0165ah medzi vn\u00fatorn\u00fdmi org\u00e1nmi, okolit\u00fdmi fasciami, v\u00e4zivami a&nbsp;dysfunkciou dolnej \u010dasti chrbta. Z\u00e1verom poznamenal, \u017ee terapia pri dysfunkcii dolnej \u010dasti chrbta je \u00fa\u010dinnej\u0161ia ke\u010f zah\u0155\u0148a aj viscer\u00e1lne manipul\u00e1cie org\u00e1nov s\u00favisiacich s&nbsp;touto oblas\u0165ou.<\/p>\n\n\n\n<p class=\"has-urbanist-font-family\" style=\"font-size:20px\">Vieme, \u017ee org\u00e1ny s\u00fa&nbsp; prepojen\u00e9 kontinu\u00e1lnou sie\u0165ou fasci\u00ed, ktor\u00e9 pren\u00e1\u0161aj\u00fa pohyb. Tie\u017e zohr\u00e1vaj\u00fa v\u00fdznamn\u00fa \u00falohu pri distrib\u00facii energie n\u00e1razu pri traume a&nbsp;t\u00fdm chr\u00e1nia telo pred po\u0161koden\u00edm a&nbsp;minimalizuj\u00fa d\u00f4sledku \u00farazu. Prepojen\u00edm org\u00e1nov fasci\u00e1lnym syst\u00e9mom umo\u017e\u0148uje prenos tlakov z&nbsp;oblasti vysok\u00e9ho nap\u00e4tia (org\u00e1n, cievy, nervy) na tkaniv\u00e1, ktor\u00e9 s\u00fa schopn\u00e9 lep\u0161ie nies\u0165 t\u00fato z\u00e1\u0165a\u017e v\u010faka svojej pevnosti (svaly, k\u013aby, kosti).<\/p>\n\n\n\n<p class=\"has-urbanist-font-family\" style=\"font-size:20px\">Barall poukazuje na to, \u017ee \u201etoto je jeden zo z\u00e1kladn\u00fdch princ\u00edpov vz\u0165ahov medzi org\u00e1nmi a&nbsp;pohybov\u00fdm syst\u00e9mom z&nbsp;osteopatick\u00e9ho poh\u013eadu\u201c.<\/p>\n\n\n\n<p class=\"has-urbanist-font-family\" style=\"font-size:20px\">Met\u00f3da viscer\u00e1lnej manipul\u00e1cie umo\u017e\u0148uje diagnostikova\u0165 oblas\u0165 najvy\u0161\u0161ieho fasci\u00e1lneho nap\u00e4tia s&nbsp;ve\u013ekou presnos\u0165ou a&nbsp;zacieli\u0165 lie\u010dbu na tieto \u0161trukt\u00fary. T\u00fdm obnovi\u0165 pohyb org\u00e1nu v&nbsp;jeho prirodzen\u00fdch osiach, zlep\u0161i\u0165 prekrvenie org\u00e1nu a&nbsp;stimul\u00e1ciou proprioceptorov obnovi\u0165 prepojenie danej oblasti s&nbsp;centr\u00e1lnym nervov\u00fdm syst\u00e9mom. To je z\u00e1kladn\u00fd mechanizmus tejto terapie. Po terapii mozog spracov\u00e1va nov\u00e9 iniciovan\u00e9&nbsp; inform\u00e1cie a&nbsp;vytv\u00e1ra nov\u00fd program fungovania \u2013 tento zahr\u0148uje postur\u00e1lne zmeny, uvo\u013enenie blok\u00e1d stavcov, vyrovnanie svalov\u00e9ho nap\u00e4tia, zn\u00ed\u017eenie bolesti a&nbsp;zlep\u0161enie funkcie.<\/p>\n\n\n\n<p class=\"has-urbanist-font-family\" style=\"font-size:20px\">Ciele viscer\u00e1lnej manipul\u00e1cie je mo\u017en\u00e9 zhrn\u00fa\u0165 do t\u00fdchto bodov:<\/p>\n\n\n\n<ul class=\"wp-block-list\">\n<li style=\"font-size:20px\" class=\"has-urbanist-font-family\">1.&nbsp;N\u00e1vrat fyziologickej pohyblivosti m\u00e4kk\u00fdm tkaniv\u00e1m a n\u00e1sledn\u00e9 ovplyvnenie celkovej<\/li>\n\n\n\n<li style=\"font-size:20px\" class=\"has-urbanist-font-family\">pohyblivosti alebo hybnosti \u013eudsk\u00e9ho tela.<\/li>\n\n\n\n<li style=\"font-size:20px\" class=\"has-urbanist-font-family\">2.&nbsp;Uvo\u013enenie a ovplyvnenie nap\u00e4tia v m\u00e4kk\u00fdch tkaniv\u00e1ch vr\u00e1tane adh\u00e9zi\u00ed a jaziev.<\/li>\n\n\n\n<li style=\"font-size:20px\" class=\"has-urbanist-font-family\">3.&nbsp;Zv\u00fd\u0161enie regenera\u010dn\u00fdch schopnost\u00ed m\u00e4kk\u00fdch tkan\u00edv.<\/li>\n\n\n\n<li style=\"font-size:20px\" class=\"has-urbanist-font-family\">4.&nbsp;Podpora arteri\u00e1lnej a \u017eilnej cirkul\u00e1cie.<\/li>\n\n\n\n<li style=\"font-size:20px\" class=\"has-urbanist-font-family\">5.&nbsp;Znovuobnovenie norm\u00e1lnej funkcie nervov\u00e9ho syst\u00e9mu pomocou podpory nervovej<\/li>\n\n\n\n<li style=\"font-size:20px\" class=\"has-urbanist-font-family\">stimul\u00e1cie v lie\u010denej oblasti.<\/li>\n\n\n\n<li style=\"font-size:20px\" class=\"has-urbanist-font-family\">6.&nbsp;Zlep\u0161enie detoxika\u010dn\u00fdch metabolick\u00fdch telesn\u00fdch funkci\u00ed.<\/li>\n\n\n\n<li style=\"font-size:20px\" class=\"has-urbanist-font-family\">7.&nbsp;Redukcia z\u00e1palov a bolesti.<\/li>\n\n\n\n<li style=\"font-size:20px\" class=\"has-urbanist-font-family\">8.&nbsp;Zlep\u0161enie cirkul\u00e1cie horm\u00f3nov v r\u00e1mci metabolizmu buniek.<\/li>\n\n\n\n<li style=\"font-size:20px\" class=\"has-urbanist-font-family\">9.&nbsp;Uvedenie svalov\u00e9ho tonusu do norm\u00e1lneho stavu a podpora jeho spr\u00e1vnej funkcie.<\/li>\n\n\n\n<li style=\"font-size:20px\" class=\"has-urbanist-font-family\">10.&nbsp;Redukcia spazmov (nap\u00e4tia) v oblastiach zv\u00fd\u0161en\u00e9ho nap\u00e4tia m\u00e4kk\u00fdch tkan\u00edv.<\/li>\n\n\n\n<li style=\"font-size:20px\" class=\"has-urbanist-font-family\">11.&nbsp;N\u00e1vrat norm\u00e1lnej funkcie zviera\u010dov v r\u00e1mci tr\u00e1viaceho a urogenit\u00e1lneho traktu.<\/li>\n\n\n\n<li style=\"font-size:20px\" class=\"has-urbanist-font-family\">12.&nbsp;Podpora fyziologick\u00e9ho pohybu tekut\u00edn a udr\u017eanie rovnov\u00e1hy lymfatick\u00e9ho syst\u00e9mu at\u010f..<\/li>\n\n\n\n<li style=\"font-size:20px\" class=\"has-urbanist-font-family\">13.&nbsp;Zv\u00fd\u0161enie pohyblivosti k\u013abov.<\/li>\n\n\n\n<li style=\"font-size:20px\" class=\"has-urbanist-font-family\">14.&nbsp;Podpora adapta\u010dnej a regenera\u010dnej schopnosti tela ved\u00faca ku zdraviu, rovnov\u00e1he a<\/li>\n\n\n\n<li style=\"font-size:20px\" class=\"has-urbanist-font-family\">celkovej vitalite.<\/li>\n\n\n\n<li style=\"font-size:20px\" class=\"has-urbanist-font-family\">15.&nbsp;Celkov\u00fd pozit\u00edvny vplyv na na\u0161e em\u00f3cie a&nbsp;sp\u00e1nok.<\/li>\n<\/ul>\n\n\n\n<p class=\"has-luminous-vivid-orange-color has-text-color has-link-color has-urbanist-font-family wp-elements-3c52c49e82abe5a0fc82e01040c910c0\" style=\"font-size:30px\"><strong>Neur\u00e1lna manipul\u00e1cia<\/strong><\/p>\n\n\n\n<p class=\"has-urbanist-font-family\" style=\"font-size:20px\">Neur\u00e1lna manipul\u00e1cia sk\u00fama mechanick\u00e9 vz\u0165ahy medzi lebkou\/chrbticou tzv. pevn\u00fdm r\u00e1mom a durou a neur\u00e1lnymi elementami. Zahr\u0148uje vy\u0161etrenie a terapeutick\u00e9 pr\u00edstupy zameran\u00e9 na&nbsp; rie\u0161enie obmedzenia (re\u0161trikcia) dur\u00e1lnych a neur\u00e1lnych komponentov, ktor\u00e9 nie s\u00fa be\u017ene oslovovan\u00e9 k&nbsp;rie\u0161eniu muskuloskelet\u00e1lnych sympt\u00f3mov.&nbsp;<\/p>\n\n\n\n<p class=\"has-urbanist-font-family\" style=\"font-size:20px\">Identifikuje a uvo\u013e\u0148uje miestne nervov\u00e9 obmedzenia, zatia\u013e \u010do&nbsp; s\u00fa\u010dasne sk\u00fama vplyv t\u00fdchto fix\u00e1ci\u00ed na zbytok tela a zhodnoten\u00edm tohoto vz\u0165ahu, rie\u0161i komplexnej\u0161ie (glob\u00e1lne) dysfunk\u010dn\u00e9 vzory. Nerv funguje spr\u00e1vne iba&nbsp; vtedy, ke\u010f je schopn\u00fd vo\u013ene sa pohybova\u0165 v okolit\u00fdch \u0161trukt\u00farach.&nbsp;Facilituje vodivos\u0165 nervu a intraneur\u00e1lne krvn\u00e9 z\u00e1sobenie pre miestne a syst\u00e9mov\u00e9 reakcie. Pochopen\u00edm detailnej anat\u00f3mie neur\u00e1lnej manipul\u00e1ce, m\u00f4\u017eeme&nbsp; vidie\u0165 potenci\u00e1l pre zmenu patologick\u00e9ho stavu v pr\u00edtomnosti obmedzenej vodivosti \u010di pohyblivosti nervov.<\/p>\n\n\n\n<p class=\"has-urbanist-font-family\" style=\"font-size:20px\">Manu\u00e1lna terapia&nbsp; aplikovan\u00e1 na perif\u00e9rnych i hlavov\u00fdch nervov&nbsp; nasleduje \u0161tandardn\u00e9 z\u00e1sady mobility a funkcie nervu.&nbsp;<\/p>\n\n\n\n<p class=\"has-urbanist-font-family\" style=\"font-size:20px\">O\u0161etren\u00edm nervov\u00e9ho syst\u00e9mu uzatv\u00e1ra terapeut kruh medzi vn\u00fatorn\u00fdm (mozog) a&nbsp;vonkaj\u0161\u00edm(telo) svetom. Ak je nerv pre\u0165a\u017een\u00fd alebo utl\u00e1\u010dan\u00fd dlh\u0161iu dobu, m\u00f4\u017ee to sp\u00f4sobi\u0165 zmeny v&nbsp;izola\u010dnej vrstve medzi nervov\u00fdmi vl\u00e1knami. Na tomto sa tak sp\u00fa\u0161\u0165aj\u00fa ak\u010dn\u00e9 potenci\u00e1ly. Tieto abnorm\u00e1lne vzniknut\u00e9 impulzy sa spracov\u00e1vaj\u00fa v&nbsp;CNS a&nbsp;vytv\u00e1raj\u00fa zmenen\u00e9 pomery v&nbsp;tonuse. A\u017e po o\u0161etren\u00ed nervu vznikaj\u00fa spr\u00e1vne podnety pre \u0161trukt\u00fary a&nbsp;doch\u00e1dza tak k&nbsp;integr\u00e1cii do norm\u00e1lnych funk\u010dn\u00fdch procesov s&nbsp;dlhodobou nepr\u00edtomnos\u0165ou l\u00e9zi\u00ed.&nbsp;<\/p>\n\n\n\n<p class=\"has-luminous-vivid-orange-color has-text-color has-link-color has-urbanist-font-family wp-elements-1b6ce4b61baf7aa05772ba568994dceb\" style=\"font-size:25px\"><strong>Indik\u00e1cie<\/strong><\/p>\n\n\n\n<ul class=\"wp-block-list\">\n<li style=\"font-size:20px\" class=\"has-urbanist-font-family\">&#8211; Bolesti hlavy, vertigo, migr\u00e9ny, tinitus<\/li>\n\n\n\n<li style=\"font-size:20px\" class=\"has-urbanist-font-family\">&#8211; Blok\u00e1dy kr\u010dnej chrbtice<\/li>\n\n\n\n<li style=\"font-size:20px\" class=\"has-urbanist-font-family\">&#8211; Bolesti v&nbsp;oblasti kr\u010dnej chrbtice a&nbsp;ramien<\/li>\n\n\n\n<li style=\"font-size:20px\" class=\"has-urbanist-font-family\">&#8211; Bolesti horn\u00fdch a&nbsp;doln\u00fdch kon\u010dat\u00edn<\/li>\n\n\n\n<li style=\"font-size:20px\" class=\"has-urbanist-font-family\">&#8211; Po opera\u010dn\u00fdch z\u00e1krokoch, plastick\u00e1 chirurgia<\/li>\n\n\n\n<li style=\"font-size:20px\" class=\"has-urbanist-font-family\">&#8211; Po zlomenin\u00e1ch a&nbsp;traum\u00e1ch<\/li>\n\n\n\n<li style=\"font-size:20px\" class=\"has-urbanist-font-family\">&#8211; Par\u00e9za n. facialis<\/li>\n\n\n\n<li style=\"font-size:20px\" class=\"has-urbanist-font-family\">&#8211; Boreli\u00f3za, meningit\u00eddy, z\u00e1palov\u00e9 ochorenia<\/li>\n<\/ul>\n\n\n\n<div class=\"wp-block-group has-urbanist-font-family is-vertical is-layout-flex wp-container-core-group-is-layout-fe9cc265 wp-block-group-is-layout-flex\">\n<h4 class=\"wp-block-heading\">Kontraindik\u00e1cie<\/h4>\n\n\n\n<ul class=\"wp-block-list\">\n<li style=\"font-size:20px\" class=\"has-urbanist-font-family\">3 mesiace po oper\u00e1cii<\/li>\n\n\n\n<li style=\"font-size:20px\" class=\"has-urbanist-font-family\">&#8211; Neuropatie, nejasn\u00e9 bolesti<\/li>\n\n\n\n<li style=\"font-size:20px\" class=\"has-urbanist-font-family\">&#8211; Atrofia, pl\u00e9gia, dizest\u00e9zia<\/li>\n\n\n\n<li style=\"font-size:20px\" class=\"has-urbanist-font-family\">&#8211; Probl\u00e9my s&nbsp;cirkul\u00e1ciou krvi<\/li>\n\n\n\n<li style=\"font-size:20px\" class=\"has-urbanist-font-family\">&#8211; Krv\u00e1cav\u00e9 stavy<\/li>\n\n\n\n<li style=\"font-size:20px\" class=\"has-urbanist-font-family\">&#8211; Gravidita<\/li>\n\n\n\n<li style=\"font-size:20px\" class=\"has-urbanist-font-family\">&#8211; Vn\u00fatromaternicov\u00e9 teliesko<\/li>\n<\/ul>\n<\/div>\n\n\n\n<hr class=\"wp-block-separator has-alpha-channel-opacity\"\/>\n\n\n\n<h3 class=\"wp-block-heading has-luminous-vivid-orange-color has-text-color has-link-color has-urbanist-font-family wp-elements-badd1a829f7236162fb9ce84674eb6d4\" style=\"font-size:25px\"><strong>O\u0161etrenie<\/strong><\/h3>\n\n\n\n<p class=\"has-urbanist-font-family\" style=\"padding-top:0;padding-right:0;padding-bottom:0;padding-left:0;font-size:20px\">Terapia prebieha na leh\u00e1tku, klient je oble\u010den\u00fd.<\/p>\n\n\n\n<p class=\"has-urbanist-font-family\" style=\"font-size:20px\">Je ve\u013emi d\u00f4le\u017eit\u00e9, aby sa po\u010das terapie klient c\u00edtil pr\u00edjemne a bezpe\u010dne a preto po \u00favodnom rozhovore spolo\u010dne s klientom vykomunikujeme a vytvor\u00edme vyhovuj\u00face podmienky ( osvetlenie, hudba, deka,&#8230;)<\/p>\n\n\n\n<p class=\"has-urbanist-font-family\" style=\"font-size:20px\">Na za\u010diatku terapeut pou\u017eije diagnostick\u00e9 techniky na ur\u010denie miesta, ktor\u00e9 bude o\u0161etrova\u0165. Klient m\u00f4\u017ee po\u010das o\u0161etrenia vn\u00edma\u0165 r\u00f4zne pocity ako chlad, teplo, mrav\u010denie, nap\u00e4tie a tie\u017e sa m\u00f4\u017eu objavi\u0165 r\u00f4zne em\u00f3cie.<\/p>\n\n\n\n<p class=\"has-urbanist-font-family\" style=\"font-size:20px\">Terapeut n\u00e1sledne pou\u017eije konkr\u00e9tne techniky, kror\u00e9 si osvojil po\u010das v\u00fdcviku a n\u00e1sledne na nadstavbov\u00fdch semin\u00e1roch :<\/p>\n\n\n\n<p class=\"has-urbanist-font-family\" style=\"font-size:20px\"><strong>&#8211; 10 bodov\u00fd protokol <\/strong>&#8211; sl\u00fa\u017ei ako ucelen\u00e9 o\u0161etrenie cel\u00e9ho tela a je z\u00e1kladom CST. Sklad\u00e1 sa z palp\u00e1cie craniosakr\u00e1lneho rytmu, o\u0161etrenia prie\u010dnych \u0161trukt\u00far, o\u0161etrenia a relax\u00e1cie spin\u00e1lnej dury, o\u0161etrenia lebe\u010dnej b\u00e1zy a kost\u00ed lebky.<\/p>\n\n\n\n<p class=\"has-urbanist-font-family\" style=\"font-size:20px\">Cie\u013eom palp\u00e1cie \u010di\u017ee vy\u0161etrenie CSR ( craniosakr\u00e1lneho rytmu ) je diagnostika CSR, pomocou ktorej vieme ur\u010di\u0165 jednotliv\u00e9 odchylky. Pr\u00ed\u010dinou odchylky m\u00f4\u017ee by\u0165 hor\u00fa\u010dka, depresia, trauma, \u0165a\u017ek\u00e1 \u017eivotn\u00e1 situ\u00e1cia, l\u00e9zia miechy, rozvoj r\u00f4znzch ochoren\u00ed, z\u00e1palov\u00e9 ochorenia, muskuloskelet\u00e1rne dysfunkcie, jazvy, at\u010f. Rob\u00edme ho na za\u010diatku terapie a na konci terapie n\u00e1m m\u00f4\u017ee sl\u00fa\u017ei\u0165 ako kontroln\u00e9 vy\u0161etrenie.<\/p>\n\n\n\n<p class=\"has-urbanist-font-family\" style=\"font-size:20px\">O\u0161etrenie prie\u010dnych \u0161trukt\u00far \/ panva, br\u00e1nica, horn\u00e1 hrudn\u00e1 apert\u00fara, jazylka \/ prin\u00e1\u0161a uvo\u013enenie nap\u00e4tia v jednotliv\u00fdch \u0161trukt\u00farach v konkr\u00e9tnych oblastiach. T\u00fdm ur\u00fdch\u013eujeme regener\u00e1ciu aj \u00fa\u013eavu od bolesti.<\/p>\n\n\n\n<p class=\"has-urbanist-font-family\" style=\"font-size:20px\">O\u0161etrenie a relax\u00e1cia spin\u00e1lnej dury priaznivo p\u00f4sob\u00ed na odstr\u00e1nenie nap\u00e4tia v oblasti dura mater a cez inerv\u00e1ciu pozit\u00edvne ovplyv\u0148uje jednotliv\u00e9 somatick\u00e9 segmenty<\/p>\n\n\n\n<p class=\"has-urbanist-font-family\" style=\"font-size:20px\">O\u0161etrenie lebe\u010dnej b\u00e1zy v oblasti z\u00e1hlavia a prv\u00fdch kr\u010dn\u00fdch stavcov a kost\u00ed lebky zabezpe\u010d\u00ed uvo\u013enenie nap\u00e4tia v jednotliv\u00fdch \u0161trukt\u00farach, zlep\u0161uje funkciu \u017eilov\u00fdch splavov, ktor\u00e9 z\u00e1sobuj\u00fa a vy\u017eivuj\u00fa centr\u00e1lnu nervov\u00fa s\u00fastavu, eliminuje n\u00e1sledky p\u00f4rodn\u00fdch komplik\u00e1ci\u00ed, zmier\u0148uje n\u00e1sledky po\u00farazov\u00fdch stavov v oblasti chrbtice a miechy a tie\u017e zmier\u0148uje bolesti hlavy spojen\u00e9 s blok\u00e1dami v kr\u010dnej chrbtici, pom\u00e1ha pri depresii a \u00fazkostn\u00fdch stavoch aj pri ochoreniach o\u010d\u00ed a u\u0161\u00ed a zubov<\/p>\n\n\n\n<p class=\"has-urbanist-font-family\" style=\"font-size:20px\">&#8211; <strong>neurocranium&nbsp;<\/strong><\/p>\n\n\n\n<p class=\"has-urbanist-font-family\" style=\"font-size:20px\">pri poru\u0161en\u00ed mobility jednotliv\u00fdch \u0161trukt\u00far na\u0161e telo na\u0161tartuje kompenza\u010dn\u00e9 mechanizmy, ktor\u00e9 funguj\u00fa automaticky bez n\u00e1\u0161ho vedomia a\u017e do momentu, kedy telo nem\u00e1 dostatok vitality a to znamen\u00e1 \u017ee sa&nbsp; tkanivo po\u0161kod\u00ed a umiera&nbsp;<\/p>\n\n\n\n<p class=\"has-urbanist-font-family\" style=\"font-size:20px\">Vedeli ste, \u017ee sutura ( spojenie dvoch kost\u00ed na lebke ) pariet\u00e1lnych kost\u00ed s\u00favis\u00ed so vstreb\u00e1van\u00edm r\u00f4znych miner\u00e1lov v tenkom \u010dreve a preto je d\u00f4le\u017eit\u00e9 jej spr\u00e1vne nap\u00e4tie a vz\u00e1jomn\u00e1 poloha t\u00fdchto dvoch kost\u00ed ???<\/p>\n\n\n\n<p class=\"has-urbanist-font-family\" style=\"font-size:20px\">Samozrejme, \u017ee je d\u00f4le\u017eit\u00e9 spr\u00e1vne nap\u00e4tie v\u0161etk\u00fdch sut\u00far na lebke a preto m\u00e1 o\u0161etrenie pozit\u00edvny vplyv na centr\u00e1lny aj perif\u00e9rny nervov\u00fd syst\u00e9m, meninge\u00e1lny syst\u00e9m, ale aj na ostatn\u00e9 syst\u00e9my v tele \/ tinitus, zmeny rovnov\u00e1hy, preh\u013atac\u00ed reflex, alergie, s\u00ednusit\u00eddy, hypo a hyperglyk\u00e9mie, mikrotraumy v oblasti hlavy, ochorenia zmyslov\u00fdch org\u00e1nov, psychick\u00e1 nerovnov\u00e1ha,&#8230; \/<\/p>\n\n\n\n<p class=\"has-urbanist-font-family\" style=\"font-size:20px\"><strong>&#8211; viscerocranium&nbsp;<\/strong><\/p>\n\n\n\n<p class=\"has-urbanist-font-family\" style=\"font-size:20px\">o\u0161etrenie viscerocrania m\u00e1 v\u00fdrazn\u00fd pozit\u00edvny vplyv na regula\u010dn\u00fd nervov\u00fd syst\u00e9m, na pohybov\u00fd syst\u00e9m, tr\u00e1viaci syst\u00e9m , \u017eilov\u00fd syst\u00e9m at\u010f<\/p>\n\n\n\n<p class=\"has-urbanist-font-family\" style=\"font-size:20px\">Pozost\u00e1va z o\u0161etrenia z jednotliv\u00fdch kost\u00ed tv\u00e1re ( maxila, vomer, palatinum, zygoma a jednotliv\u00e9 zuby, nasalis a orbita )<\/p>\n\n\n\n<p class=\"has-urbanist-font-family\" style=\"font-size:20px\">Patologick\u00e9 nap\u00e4tia vo svaloch a kostiach tv\u00e1re m\u00f4\u017eu sp\u00f4sobova\u0165 r\u00f4zne zdravotn\u00e9 probl\u00e9my ako napr bolesti hlavy, nedostato\u010dn\u00e9 z\u00e1sobovanie a v\u00fd\u017eivu v oblasti hlavy \/ ovplyv\u0148uj\u00fa n\u00e1\u0161 zrak, sluch, \u010duch aj chu\u0165 aj nervov\u00fd syst\u00e9m ( centr\u00e1lny aj auton\u00f3mny ) \/&nbsp; poruchy tr\u00e1venia \/ bolesti pohybov\u00e9ho apar\u00e1tu<\/p>\n\n\n\n<p class=\"has-urbanist-font-family\" style=\"font-size:20px\">Tie\u017e sa odpor\u00fa\u010da po zub\u00e1rskych z\u00e1krokoch aj pri zaveden\u00ed zubn\u00e9ho stroj\u010deka ( dlhodob\u00e9 stroj\u010deky m\u00f4\u017eu vyvola\u0165 migr\u00e9ny, zmeny v dr\u017ean\u00ed tela, zmeny v termoregul\u00e1cii, zmeny n\u00e1lad at\u010f )<\/p>\n\n\n\n<p class=\"has-urbanist-font-family\" style=\"font-size:20px\"><strong>&#8211; dren\u00e1\u017e \u017eilov\u00fdch splavov<\/strong><\/p>\n\n\n\n<p class=\"has-urbanist-font-family\" style=\"font-size:20px\">m\u00e1 pozit\u00edvny vplyv na prekrvenie centr\u00e1lneho nervov\u00e9ho syst\u00e9mu , \u010do sa rovn\u00e1 v\u00fd\u017eive aj detoxik\u00e1cii jednotliv\u00fdch mozgov\u00fdch \u0161trukt\u00far&nbsp;<\/p>\n\n\n\n<p class=\"has-urbanist-font-family\" style=\"font-size:20px\">O\u0161etrujeme crani\u00e1lnu b\u00e1zu &#8211; foramen magnum, transverz\u00e1lny s\u00ednus , s\u00ednus rectus, lambdu, obelion, bregmu, suturu metopicu, glabelu, cavern\u00f3zny s\u00ednus<\/p>\n\n\n\n<p class=\"has-urbanist-font-family\" style=\"font-size:20px\">Indik\u00e1cie<\/p>\n\n\n\n<p class=\"has-urbanist-font-family\" style=\"font-size:20px\">\u00fanava \/ stres \/ po\u00farazov\u00e9 stavy \/ syst\u00e9mov\u00e9 ochorenia \/ prevencia<\/p>\n\n\n\n<p><\/p>\n","protected":false},"excerpt":{"rendered":"<p>zakladate\u013eom je W.G. Sutherland , ktor\u00fd sa v 30. rokoch 20 st. za\u010dal zaobera\u0165 pri poh\u013eade na vypreparovan\u00fa lebku my\u0161lienkou, \u017ee \u0161vy jednotliv\u00fdch kost\u00ed lebky s\u00fa spojen\u00e9 tak, \u017ee nazna\u010duj\u00fa k\u013abnu pohyblivos\u0165 pre &#8220; d\u00fdchac\u00ed &#8220; mechanizmus. Domnieval sa, \u017ee tieto kosti nie s\u00fa zrasten\u00e9, ale \u017ee sa pohybuj\u00fa a \u017ee tento pohyb indikuje dychov\u00fd [&hellip;]<\/p>\n","protected":false},"author":1,"featured_media":0,"parent":0,"menu_order":0,"comment_status":"closed","ping_status":"closed","template":"","meta":{"_monsterinsights_skip_tracking":false,"_monsterinsights_sitenote_active":false,"_monsterinsights_sitenote_note":"","_monsterinsights_sitenote_category":0,"footnotes":""},"class_list":["post-60","page","type-page","status-publish","hentry"],"yoast_head":"<!-- This site is optimized with the Yoast SEO plugin v26.8 - https:\/\/yoast.com\/product\/yoast-seo-wordpress\/ -->\n<title>Kraniosakr\u00e1lna osteopatia - osteo-patka.sk<\/title>\n<meta name=\"robots\" content=\"index, follow, max-snippet:-1, max-image-preview:large, max-video-preview:-1\" \/>\n<link rel=\"canonical\" href=\"https:\/\/osteo-patka.sk\/?page_id=60\" \/>\n<meta property=\"og:locale\" content=\"sk_SK\" \/>\n<meta property=\"og:type\" content=\"article\" \/>\n<meta property=\"og:title\" content=\"Kraniosakr\u00e1lna osteopatia - osteo-patka.sk\" \/>\n<meta property=\"og:description\" content=\"zakladate\u013eom je W.G. Sutherland , ktor\u00fd sa v 30. rokoch 20 st. za\u010dal zaobera\u0165 pri poh\u013eade na vypreparovan\u00fa lebku my\u0161lienkou, \u017ee \u0161vy jednotliv\u00fdch kost\u00ed lebky s\u00fa spojen\u00e9 tak, \u017ee nazna\u010duj\u00fa k\u013abnu pohyblivos\u0165 pre &#8220; d\u00fdchac\u00ed &#8220; mechanizmus. Domnieval sa, \u017ee tieto kosti nie s\u00fa zrasten\u00e9, ale \u017ee sa pohybuj\u00fa a \u017ee tento pohyb indikuje dychov\u00fd [&hellip;]\" \/>\n<meta property=\"og:url\" content=\"https:\/\/osteo-patka.sk\/?page_id=60\" \/>\n<meta property=\"og:site_name\" content=\"osteo-patka.sk\" \/>\n<meta property=\"article:modified_time\" content=\"2024-11-10T18:17:17+00:00\" \/>\n<meta name=\"twitter:card\" content=\"summary_large_image\" \/>\n<meta name=\"twitter:label1\" content=\"Predpokladan\u00fd \u010das \u010d\u00edtania\" \/>\n\t<meta name=\"twitter:data1\" content=\"9 min\u00fat\" \/>\n<script type=\"application\/ld+json\" class=\"yoast-schema-graph\">{\"@context\":\"https:\/\/schema.org\",\"@graph\":[{\"@type\":\"WebPage\",\"@id\":\"https:\/\/osteo-patka.sk\/?page_id=60\",\"url\":\"https:\/\/osteo-patka.sk\/?page_id=60\",\"name\":\"Kraniosakr\u00e1lna osteopatia - osteo-patka.sk\",\"isPartOf\":{\"@id\":\"http:\/\/osteo-patka.sk\/#website\"},\"datePublished\":\"2024-07-07T14:25:34+00:00\",\"dateModified\":\"2024-11-10T18:17:17+00:00\",\"breadcrumb\":{\"@id\":\"https:\/\/osteo-patka.sk\/?page_id=60#breadcrumb\"},\"inLanguage\":\"sk-SK\",\"potentialAction\":[{\"@type\":\"ReadAction\",\"target\":[\"https:\/\/osteo-patka.sk\/?page_id=60\"]}]},{\"@type\":\"BreadcrumbList\",\"@id\":\"https:\/\/osteo-patka.sk\/?page_id=60#breadcrumb\",\"itemListElement\":[{\"@type\":\"ListItem\",\"position\":1,\"name\":\"Home\",\"item\":\"http:\/\/osteo-patka.sk\/\"},{\"@type\":\"ListItem\",\"position\":2,\"name\":\"Kraniosakr\u00e1lna osteopatia\"}]},{\"@type\":\"WebSite\",\"@id\":\"http:\/\/osteo-patka.sk\/#website\",\"url\":\"http:\/\/osteo-patka.sk\/\",\"name\":\"osteo-patka.sk\",\"description\":\"\",\"publisher\":{\"@id\":\"http:\/\/osteo-patka.sk\/#organization\"},\"potentialAction\":[{\"@type\":\"SearchAction\",\"target\":{\"@type\":\"EntryPoint\",\"urlTemplate\":\"http:\/\/osteo-patka.sk\/?s={search_term_string}\"},\"query-input\":{\"@type\":\"PropertyValueSpecification\",\"valueRequired\":true,\"valueName\":\"search_term_string\"}}],\"inLanguage\":\"sk-SK\"},{\"@type\":\"Organization\",\"@id\":\"http:\/\/osteo-patka.sk\/#organization\",\"name\":\"osteo-patka.sk\",\"url\":\"http:\/\/osteo-patka.sk\/\",\"logo\":{\"@type\":\"ImageObject\",\"inLanguage\":\"sk-SK\",\"@id\":\"http:\/\/osteo-patka.sk\/#\/schema\/logo\/image\/\",\"url\":\"https:\/\/osteo-patka.sk\/wp-content\/uploads\/2024\/07\/D30FCB81-FEFE-4C26-9ED7-20FE213F8B50-e1720344756256.png\",\"contentUrl\":\"https:\/\/osteo-patka.sk\/wp-content\/uploads\/2024\/07\/D30FCB81-FEFE-4C26-9ED7-20FE213F8B50-e1720344756256.png\",\"width\":1000,\"height\":568,\"caption\":\"osteo-patka.sk\"},\"image\":{\"@id\":\"http:\/\/osteo-patka.sk\/#\/schema\/logo\/image\/\"}}]}<\/script>\n<!-- \/ Yoast SEO plugin. -->","yoast_head_json":{"title":"Kraniosakr\u00e1lna osteopatia - osteo-patka.sk","robots":{"index":"index","follow":"follow","max-snippet":"max-snippet:-1","max-image-preview":"max-image-preview:large","max-video-preview":"max-video-preview:-1"},"canonical":"https:\/\/osteo-patka.sk\/?page_id=60","og_locale":"sk_SK","og_type":"article","og_title":"Kraniosakr\u00e1lna osteopatia - osteo-patka.sk","og_description":"zakladate\u013eom je W.G. Sutherland , ktor\u00fd sa v 30. rokoch 20 st. za\u010dal zaobera\u0165 pri poh\u013eade na vypreparovan\u00fa lebku my\u0161lienkou, \u017ee \u0161vy jednotliv\u00fdch kost\u00ed lebky s\u00fa spojen\u00e9 tak, \u017ee nazna\u010duj\u00fa k\u013abnu pohyblivos\u0165 pre &#8220; d\u00fdchac\u00ed &#8220; mechanizmus. Domnieval sa, \u017ee tieto kosti nie s\u00fa zrasten\u00e9, ale \u017ee sa pohybuj\u00fa a \u017ee tento pohyb indikuje dychov\u00fd [&hellip;]","og_url":"https:\/\/osteo-patka.sk\/?page_id=60","og_site_name":"osteo-patka.sk","article_modified_time":"2024-11-10T18:17:17+00:00","twitter_card":"summary_large_image","twitter_misc":{"Predpokladan\u00fd \u010das \u010d\u00edtania":"9 min\u00fat"},"schema":{"@context":"https:\/\/schema.org","@graph":[{"@type":"WebPage","@id":"https:\/\/osteo-patka.sk\/?page_id=60","url":"https:\/\/osteo-patka.sk\/?page_id=60","name":"Kraniosakr\u00e1lna osteopatia - osteo-patka.sk","isPartOf":{"@id":"http:\/\/osteo-patka.sk\/#website"},"datePublished":"2024-07-07T14:25:34+00:00","dateModified":"2024-11-10T18:17:17+00:00","breadcrumb":{"@id":"https:\/\/osteo-patka.sk\/?page_id=60#breadcrumb"},"inLanguage":"sk-SK","potentialAction":[{"@type":"ReadAction","target":["https:\/\/osteo-patka.sk\/?page_id=60"]}]},{"@type":"BreadcrumbList","@id":"https:\/\/osteo-patka.sk\/?page_id=60#breadcrumb","itemListElement":[{"@type":"ListItem","position":1,"name":"Home","item":"http:\/\/osteo-patka.sk\/"},{"@type":"ListItem","position":2,"name":"Kraniosakr\u00e1lna osteopatia"}]},{"@type":"WebSite","@id":"http:\/\/osteo-patka.sk\/#website","url":"http:\/\/osteo-patka.sk\/","name":"osteo-patka.sk","description":"","publisher":{"@id":"http:\/\/osteo-patka.sk\/#organization"},"potentialAction":[{"@type":"SearchAction","target":{"@type":"EntryPoint","urlTemplate":"http:\/\/osteo-patka.sk\/?s={search_term_string}"},"query-input":{"@type":"PropertyValueSpecification","valueRequired":true,"valueName":"search_term_string"}}],"inLanguage":"sk-SK"},{"@type":"Organization","@id":"http:\/\/osteo-patka.sk\/#organization","name":"osteo-patka.sk","url":"http:\/\/osteo-patka.sk\/","logo":{"@type":"ImageObject","inLanguage":"sk-SK","@id":"http:\/\/osteo-patka.sk\/#\/schema\/logo\/image\/","url":"https:\/\/osteo-patka.sk\/wp-content\/uploads\/2024\/07\/D30FCB81-FEFE-4C26-9ED7-20FE213F8B50-e1720344756256.png","contentUrl":"https:\/\/osteo-patka.sk\/wp-content\/uploads\/2024\/07\/D30FCB81-FEFE-4C26-9ED7-20FE213F8B50-e1720344756256.png","width":1000,"height":568,"caption":"osteo-patka.sk"},"image":{"@id":"http:\/\/osteo-patka.sk\/#\/schema\/logo\/image\/"}}]}},"_links":{"self":[{"href":"https:\/\/osteo-patka.sk\/index.php?rest_route=\/wp\/v2\/pages\/60","targetHints":{"allow":["GET"]}}],"collection":[{"href":"https:\/\/osteo-patka.sk\/index.php?rest_route=\/wp\/v2\/pages"}],"about":[{"href":"https:\/\/osteo-patka.sk\/index.php?rest_route=\/wp\/v2\/types\/page"}],"author":[{"embeddable":true,"href":"https:\/\/osteo-patka.sk\/index.php?rest_route=\/wp\/v2\/users\/1"}],"replies":[{"embeddable":true,"href":"https:\/\/osteo-patka.sk\/index.php?rest_route=%2Fwp%2Fv2%2Fcomments&post=60"}],"version-history":[{"count":5,"href":"https:\/\/osteo-patka.sk\/index.php?rest_route=\/wp\/v2\/pages\/60\/revisions"}],"predecessor-version":[{"id":162,"href":"https:\/\/osteo-patka.sk\/index.php?rest_route=\/wp\/v2\/pages\/60\/revisions\/162"}],"wp:attachment":[{"href":"https:\/\/osteo-patka.sk\/index.php?rest_route=%2Fwp%2Fv2%2Fmedia&parent=60"}],"curies":[{"name":"wp","href":"https:\/\/api.w.org\/{rel}","templated":true}]}}